{"id":815,"date":"2017-02-20T08:31:06","date_gmt":"2017-02-20T08:31:06","guid":{"rendered":"https:\/\/www.fondariga.com\/hotel-restaurant-fonda-riga-tregura-vall-camprodon\/"},"modified":"2026-01-17T19:08:04","modified_gmt":"2026-01-17T19:08:04","slug":"hotel-restaurant-fonda-riga-in-tregura-camprodon-valley","status":"publish","type":"page","link":"https:\/\/www.fondariga.com\/es\/","title":{"rendered":"Hotel Restaurant Fonda Rig\u00e0 en Tregur\u00e0 &#8211; Valle de Camprodon"},"content":{"rendered":"<p><div class=\"fusion-fullwidth fullwidth-box fusion-builder-row-1 nonhundred-percent-fullwidth non-hundred-percent-height-scrolling\" style=\"--awb-border-radius-top-left:0px;--awb-border-radius-top-right:0px;--awb-border-radius-bottom-right:0px;--awb-border-radius-bottom-left:0px;--awb-padding-top:20px;--awb-padding-bottom:20px;--awb-flex-wrap:wrap;\" ><div class=\"fusion-builder-row fusion-row\"><div class=\"fusion-layout-column fusion_builder_column fusion-builder-column-0 fusion_builder_column_1_1 1_1 fusion-one-full fusion-column-first fusion-column-last\" style=\"--awb-padding-right:10px;--awb-padding-left:10px;--awb-bg-size:cover;--awb-margin-top:20px;\"><div class=\"fusion-column-wrapper fusion-flex-column-wrapper-legacy\"><div class=\"fusion-column-content-centered\"><div class=\"fusion-column-content\"><div class=\"fusion-title title fusion-title-1 fusion-sep-none fusion-title-center fusion-title-text fusion-title-size-two\" style=\"--awb-text-color:var(--awb-color8);--awb-margin-top-small:10px;--awb-margin-right-small:0px;--awb-margin-bottom-small:10px;--awb-margin-left-small:0px;\"><h2 class=\"fusion-title-heading title-heading-center\" style=\"margin:0;\">LA FAMILIA DE LA FONDA Y TODO EL EQUIPO OS ESPERAMOS CON LOS BRAZOS ABIERTOS.<\/h2><\/div><div class=\"fusion-text fusion-text-1\" style=\"--awb-content-alignment:center;\"><h3 style=\"text-align: center;\"><\/h3>\n<h3 style=\"text-align: center;\"><strong>Cerrado lunes noche, martes y mi\u00e9rcoles.<\/strong><\/h3>\n<h3 style=\"text-align: center;\">Para consultas a info@fondariga.com .<\/h3>\n<h3 style=\"text-align: center;\"><\/h3>\n<h3 style=\"text-align: center;\"><\/h3>\n<\/div><div class=\"fusion-sep-clear\"><\/div><div class=\"fusion-separator\" style=\"margin-left: auto;margin-right: auto;margin-bottom:30px;width:100%;max-width:300px;\"><div class=\"fusion-separator-border sep-single sep-solid\" style=\"--awb-height:20px;--awb-amount:20px;--awb-sep-color:#000000;border-color:#000000;border-top-width:1px;\"><\/div><\/div><div class=\"fusion-sep-clear\"><\/div><div class=\"fusion-text fusion-text-2\"><h3 style=\"text-align: center;\"><\/h3>\n<p><strong>La Fonda Rig\u00e0: un legado de tradici\u00f3n, respeto y admiraci\u00f3n por el pasado y mirada al futuro<\/strong><\/p>\n<p>Desde su inauguraci\u00f3n en 1971, la Fonda Rig\u00e0 ha sido un lugar donde la historia y la tradici\u00f3n se combinan con la pasi\u00f3n por la buena cocina y el respeto por nuestro entorno. Situada en Tregur\u00e0, en el Valle de Camprodon, nuestra familia ha crecido alrededor de este proyecto, con el objetivo de mantener vivo el esp\u00edritu de nuestra tierra y cultura.<\/p>\n<p>Con el paso de los a\u00f1os, hemos modernizado nuestras instalaciones sin perder la esencia de la autenticidad y la calidez que nos definen. Las habitaciones confortables y acogedoras, as\u00ed como nuestra cocina que combina sabores tradicionales elaborados con productos de nuestro entorno, reflejan ese equilibrio entre historia e innovaci\u00f3n.<\/p>\n<p>Nuestro compromiso con el medio ambiente es una parte fundamental de nuestro d\u00eda a d\u00eda. Desde 2014, generamos energ\u00eda con placas fotovoltaicas, y desde julio de 2022, somos autosuficientes energ\u00e9ticamente en ciertas horas del d\u00eda. Adem\u00e1s, cuidamos los bosques de Tregur\u00e0, aprovechamos la le\u00f1a local y trabajamos con los agricultores y productores de proximidad, porque creemos que respetar el pasado y cuidar el entornp son valores que nos gu\u00edan hacia un futuro mejor.<\/p>\n<p>Este 2025, iniciamos un nuevo cap\u00edtulo con un proyecto de formaci\u00f3n junto al Maestro Salvador Brugu\u00e9s, un gran chef y amigo de la familia. Su presencia nos ayudar\u00e1 a perfeccionar y fortalecer nuestra cocina, sin perder la esencia que nos hace \u00fanicos, y a seguir aprendiendo y creciendo con pasi\u00f3n y humildad.<\/p>\n<p>Para nosotros, la Fonda Rig\u00e0 es m\u00e1s que un lugar para descansar o comer; es un espacio donde compartimos momentos de felicidad. \u00a1Venid a disfrutar con nosotros, amigos!<\/p>\n<h3 style=\"text-align: center;\"><strong>\u00a0<\/strong><\/h3>\n<\/div><\/div><\/div><div class=\"fusion-clearfix\"><\/div><\/div><\/div><\/div><\/div><div class=\"fusion-fullwidth fullwidth-box fusion-builder-row-2 has-pattern-background has-mask-background hundred-percent-fullwidth non-hundred-percent-height-scrolling\" style=\"--awb-border-radius-top-left:0px;--awb-border-radius-top-right:0px;--awb-border-radius-bottom-right:0px;--awb-border-radius-bottom-left:0px;--awb-padding-top:0px;--awb-padding-right:15px;--awb-padding-bottom:0px;--awb-padding-left:15px;--awb-flex-wrap:wrap;\" ><div class=\"fusion-builder-row fusion-row\"><div class=\"fusion-layout-column fusion_builder_column fusion-builder-column-1 fusion_builder_column_1_3 1_3 fusion-one-third fusion-column-first\" style=\"--awb-padding-top:150px;--awb-padding-right:50px;--awb-padding-bottom:150px;--awb-padding-left:50px;--awb-bg-color:rgba(0,0,0,0.15);--awb-bg-color-hover:rgba(0,0,0,0.15);--awb-bg-image:url(&#039;https:\/\/www.fondariga.com\/wp-content\/uploads\/2025\/07\/bothomehabitacions.webp&#039;);--awb-bg-position:center bottom;--awb-bg-blend:darken;--awb-bg-size:cover;width:33.333333333333%;width:calc(33.333333333333% - ( ( 15px + 15px ) * 0.33333333333333 ) );margin-right: 15px;\" data-scroll-devices=\"small-visibility,medium-visibility,large-visibility\"><div class=\"fusion-column-wrapper fusion-column-has-shadow fusion-flex-column-wrapper-legacy fusion-column-has-bg-image\" data-bg-url=\"https:\/\/www.fondariga.com\/wp-content\/uploads\/2025\/07\/bothomehabitacions.webp\"><div class=\"fusion-column-content-centered\"><div class=\"fusion-column-content\"><div class=\"fusion-title title fusion-title-2 sep-underline sep-solid fusion-title-center fusion-title-text fusion-title-size-one\" style=\"--awb-text-color:#ffffff;--awb-margin-top-small:10px;--awb-margin-right-small:0px;--awb-margin-bottom-small:10px;--awb-margin-left-small:0px;--awb-sep-color:#ffffff;\"><h1 class=\"fusion-title-heading title-heading-center\" style=\"margin:0;\"><strong>Habitaciones<\/strong><\/h1><\/div><div class=\"fusion-text fusion-text-3\" style=\"--awb-content-alignment:center;--awb-text-color:#ffffff;\"><p><strong>Equipadas con el m\u00e1ximo confort y bienestar de un hotel de alta monta\u00f1a.<\/strong><\/p>\n<\/div><div class=\"fusion-button-wrapper fusion-aligncenter\"><a class=\"fusion-button button-flat button-large button-custom fusion-button-default button-1 fusion-button-default-span fusion-button-default-type\" style=\"--button_accent_color:#ffffff;--button_accent_hover_color:#ffffff;--button_border_hover_color:#ffffff;--button_gradient_top_color:#7b3717;--button_gradient_bottom_color:#7b3717;--button_gradient_top_color_hover:#7a7a7a;--button_gradient_bottom_color_hover:#7a7a7a;\" target=\"_self\" href=\"https:\/\/www.fondariga.com\/es\/habitaciones-de-la-fonda-riga\/\"><span class=\"fusion-button-text awb-button__text awb-button__text--default\">Ver habitaciones<\/span><i class=\"fa-angle-right fas awb-button__icon awb-button__icon--default button-icon-right\" aria-hidden=\"true\"><\/i><\/a><\/div><\/div><\/div><div class=\"fusion-clearfix\"><\/div><\/div><\/div><div class=\"fusion-layout-column fusion_builder_column fusion-builder-column-2 fusion_builder_column_1_3 1_3 fusion-one-third\" style=\"--awb-padding-top:150px;--awb-padding-right:50px;--awb-padding-bottom:150px;--awb-padding-left:50px;--awb-bg-color:rgba(0,0,0,0.15);--awb-bg-color-hover:rgba(0,0,0,0.15);--awb-bg-image:url(&#039;https:\/\/www.fondariga.com\/wp-content\/uploads\/2025\/07\/bothomerestaurant.webp&#039;);--awb-bg-position:center bottom;--awb-bg-blend:darken;--awb-bg-size:cover;width:33.333333333333%;width:calc(33.333333333333% - ( ( 15px + 15px ) * 0.33333333333333 ) );margin-right: 15px;\" data-scroll-devices=\"small-visibility,medium-visibility,large-visibility\"><div class=\"fusion-column-wrapper fusion-column-has-shadow fusion-flex-column-wrapper-legacy fusion-column-has-bg-image\" data-bg-url=\"https:\/\/www.fondariga.com\/wp-content\/uploads\/2025\/07\/bothomerestaurant.webp\"><div class=\"fusion-column-content-centered\"><div class=\"fusion-column-content\"><div class=\"fusion-title title fusion-title-3 sep-underline sep-solid fusion-title-center fusion-title-text fusion-title-size-one\" style=\"--awb-text-color:#ffffff;--awb-margin-top-small:10px;--awb-margin-right-small:0px;--awb-margin-bottom-small:10px;--awb-margin-left-small:0px;--awb-sep-color:#ffffff;\"><h1 class=\"fusion-title-heading title-heading-center\" style=\"margin:0;\"><strong>Restaurante<\/strong><\/h1><\/div><div class=\"fusion-text fusion-text-4\" style=\"--awb-content-alignment:center;--awb-text-color:#ffffff;\"><p><strong>La cocina del tomate y la cebolla cortada en casa hecha con amor y pasi\u00f3n.<\/strong><\/p>\n<\/div><div class=\"fusion-button-wrapper fusion-aligncenter\"><a class=\"fusion-button button-flat button-large button-custom fusion-button-default button-2 fusion-button-default-span fusion-button-default-type\" style=\"--button_accent_color:#ffffff;--button_accent_hover_color:#ffffff;--button_border_hover_color:#ffffff;--button_gradient_top_color:#7b3717;--button_gradient_bottom_color:#7b3717;--button_gradient_top_color_hover:#7a7a7a;--button_gradient_bottom_color_hover:#7a7a7a;\" target=\"_self\" href=\"https:\/\/www.fondariga.com\/es\/restaurante\/\"><span class=\"fusion-button-text awb-button__text awb-button__text--default\">Ver restaurante<\/span><i class=\"fa-angle-right fas awb-button__icon awb-button__icon--default button-icon-right\" aria-hidden=\"true\"><\/i><\/a><\/div><\/div><\/div><div class=\"fusion-clearfix\"><\/div><\/div><\/div><div class=\"fusion-layout-column fusion_builder_column fusion-builder-column-3 fusion_builder_column_1_3 1_3 fusion-one-third fusion-column-last\" style=\"--awb-padding-top:150px;--awb-padding-right:50px;--awb-padding-bottom:150px;--awb-padding-left:50px;--awb-bg-color:rgba(0,0,0,0.15);--awb-bg-color-hover:rgba(0,0,0,0.15);--awb-bg-image:url(&#039;https:\/\/www.fondariga.com\/wp-content\/uploads\/2025\/07\/bothomecabanes.webp&#039;);--awb-bg-position:center bottom;--awb-bg-blend:darken;--awb-bg-size:cover;width:33.333333333333%;width:calc(33.333333333333% - ( ( 15px + 15px ) * 0.33333333333333 ) );\" data-scroll-devices=\"small-visibility,medium-visibility,large-visibility\"><div class=\"fusion-column-wrapper fusion-column-has-shadow fusion-flex-column-wrapper-legacy fusion-column-has-bg-image\" data-bg-url=\"https:\/\/www.fondariga.com\/wp-content\/uploads\/2025\/07\/bothomecabanes.webp\"><div class=\"fusion-column-content-centered\"><div class=\"fusion-column-content\"><div class=\"fusion-title title fusion-title-4 sep-underline sep-solid fusion-title-center fusion-title-text fusion-title-size-one\" style=\"--awb-text-color:#ffffff;--awb-margin-top-small:10px;--awb-margin-right-small:0px;--awb-margin-bottom-small:10px;--awb-margin-left-small:0px;--awb-sep-color:#ffffff;\"><h1 class=\"fusion-title-heading title-heading-center\" style=\"margin:0;\"><strong>Caba\u00f1as Suites<\/strong><\/h1><\/div><div class=\"fusion-text fusion-text-5\" style=\"--awb-content-alignment:center;--awb-text-color:#ffffff;\"><p><strong>Si vienen no querr\u00e1n irse<\/strong><\/p>\n<\/div><div class=\"fusion-button-wrapper fusion-aligncenter\"><a class=\"fusion-button button-flat button-large button-custom fusion-button-default button-3 fusion-button-default-span fusion-button-default-type\" style=\"--button_accent_color:#ffffff;--button_accent_hover_color:#ffffff;--button_border_hover_color:#ffffff;--button_gradient_top_color:#7b3717;--button_gradient_bottom_color:#7b3717;--button_gradient_top_color_hover:#7a7a7a;--button_gradient_bottom_color_hover:#7a7a7a;\" target=\"_self\" href=\"https:\/\/www.fondariga.com\/es\/cabanas-suites\/\"><span class=\"fusion-button-text awb-button__text awb-button__text--default\">Ver caba\u00f1as<\/span><i class=\"fa-angle-right fas awb-button__icon awb-button__icon--default button-icon-right\" aria-hidden=\"true\"><\/i><\/a><\/div><\/div><\/div><div class=\"fusion-clearfix\"><\/div><\/div><\/div><\/div><\/div><div class=\"fusion-fullwidth fullwidth-box fusion-builder-row-3 nonhundred-percent-fullwidth non-hundred-percent-height-scrolling\" style=\"--awb-border-radius-top-left:0px;--awb-border-radius-top-right:0px;--awb-border-radius-bottom-right:0px;--awb-border-radius-bottom-left:0px;--awb-padding-top:0px;--awb-padding-right:0px;--awb-padding-bottom:0px;--awb-padding-left:0px;--awb-margin-top:40px;--awb-margin-bottom:100px;--awb-flex-wrap:wrap;\" ><div class=\"fusion-builder-row fusion-row\"><div class=\"fusion-layout-column fusion_builder_column fusion-builder-column-4 fusion_builder_column_1_1 1_1 fusion-one-full fusion-column-first fusion-column-last\" style=\"--awb-bg-size:cover;\"><div class=\"fusion-column-wrapper fusion-flex-column-wrapper-legacy\"><div class=\"fusion-text fusion-text-6\"><h1 style=\"text-align: center;\"><span style=\"color: #7b3717;\">DESTACAMOS<\/span><\/h1>\n<\/div><div class=\"fusion-blog-shortcode fusion-blog-shortcode-1 fusion-blog-archive fusion-blog-layout-grid-wrapper fusion-blog-no\"><style type=\"text\/css\">.fusion-blog-shortcode-1 .fusion-blog-layout-grid .fusion-post-grid{padding:10px;}.fusion-blog-shortcode-1 .fusion-posts-container{margin-left: -10px !important; margin-right:-10px !important;}<\/style><div class=\"fusion-posts-container fusion-posts-container-no fusion-no-meta-info fusion-blog-layout-grid fusion-blog-layout-grid-3 isotope\" data-pages=\"1\" data-grid-col-space=\"20\" style=\"margin: -10px -10px 0;min-height:500px;\"><article id=\"blog-1-post-4183\" class=\"fusion-post-grid post-4183 post type-post status-publish format-standard has-post-thumbnail hentry category-sin-categorizar\">\n<div class=\"fusion-post-wrapper\" style=\"background-color:rgba(242,242,242,1);border:1px solid #f2f2f2;border-bottom-width:3px;\">\n\n\t\t\t<div class=\"fusion-flexslider flexslider fusion-flexslider-loading fusion-post-slideshow\" style=\"border-color:#f2f2f2;\">\n\t\t<ul class=\"slides\">\n\t\t\t\n\t\t\t\t\t\t\t\t\t\t\t\t\t\t<li><div  class=\"fusion-image-wrapper\" aria-haspopup=\"true\">\n\t\t\t\t\t\t\t<a href=\"https:\/\/www.fondariga.com\/es\/espacio-de-arte-y-de-homenaje-a-nuestros-antepasados\/\" aria-label=\"Espacio de arte y de homenaje a nuestros antepasados\">\n\t\t\t\t\t\t\t<img decoding=\"async\" width=\"2560\" height=\"1920\" src=\"https:\/\/www.fondariga.com\/wp-content\/uploads\/2025\/08\/P8030032-scaled.jpg\" class=\"attachment-full size-full wp-post-image\" alt=\"\" srcset=\"https:\/\/www.fondariga.com\/wp-content\/uploads\/2025\/08\/P8030032-200x150.jpg 200w, https:\/\/www.fondariga.com\/wp-content\/uploads\/2025\/08\/P8030032-400x300.jpg 400w, https:\/\/www.fondariga.com\/wp-content\/uploads\/2025\/08\/P8030032-600x450.jpg 600w, https:\/\/www.fondariga.com\/wp-content\/uploads\/2025\/08\/P8030032-800x600.jpg 800w, https:\/\/www.fondariga.com\/wp-content\/uploads\/2025\/08\/P8030032-1200x900.jpg 1200w, https:\/\/www.fondariga.com\/wp-content\/uploads\/2025\/08\/P8030032-scaled.jpg 2560w\" sizes=\"(min-width: 2200px) 100vw, (min-width: 784px) 353px, (min-width: 712px) 530px, (min-width: 640px) 712px, \" \/>\t\t\t<\/a>\n\t\t\t\t\t\t\t<\/div>\n<\/li>\n\t\t\t\n\t\t\t\n\t\t\t\t\t\t\t\t\t\t\t\t\t\t\t\t\t\t\t\t\t\t\t\t\t\t\t\t\t\t\t\t\t\t\t\t\t\t\t\t\t\t\t\t\t\t\t\t\t\t\t\t\t\t\t\t\t\t\t\t\t\t\t\t\t\t\t\t<\/ul>\n\t<\/div>\n\t<div class=\"fusion-post-content-wrapper\" style=\"padding:30px 25px 20px 25px;\"><div class=\"fusion-post-content post-content\"><h2 class=\"blog-shortcode-post-title entry-title\"><a href=\"https:\/\/www.fondariga.com\/es\/espacio-de-arte-y-de-homenaje-a-nuestros-antepasados\/\">Espacio de arte y de homenaje a nuestros antepasados<\/a><\/h2><div class=\"fusion-post-content-container\"><p data-start=\"101\" data-end=\"146\"><strong data-start=\"101\" data-end=\"144\">Espacio de arte y homenaje a la Pages\u00eda<\/strong><\/p>\n<p data-start=\"148\" data-end=\"197\">Un canto [\u2026]<\/p>\n<\/div><\/div><\/div><div class=\"fusion-clearfix\"><\/div><\/div>\n<\/article>\n<article id=\"blog-1-post-1557\" class=\"fusion-post-grid post-1557 post type-post status-publish format-standard has-post-thumbnail hentry category-sin-categorizar\">\n<div class=\"fusion-post-wrapper\" style=\"background-color:rgba(242,242,242,1);border:1px solid #f2f2f2;border-bottom-width:3px;\">\n\n\t\t\t<div class=\"fusion-flexslider flexslider fusion-flexslider-loading fusion-post-slideshow\" style=\"border-color:#f2f2f2;\">\n\t\t<ul class=\"slides\">\n\t\t\t\n\t\t\t\t\t\t\t\t\t\t\t\t\t\t<li><div  class=\"fusion-image-wrapper\" aria-haspopup=\"true\">\n\t\t\t\t\t\t\t<a href=\"https:\/\/www.fondariga.com\/es\/programa-joc-de-cartes-tv3\/\" aria-label=\"Programa Joc de cartes tv3\">\n\t\t\t\t\t\t\t<img decoding=\"async\" width=\"180\" height=\"180\" src=\"https:\/\/www.fondariga.com\/wp-content\/uploads\/2018\/05\/logo-joc-de-cartes.jpg\" class=\"attachment-full size-full wp-post-image\" alt=\"\" \/>\t\t\t<\/a>\n\t\t\t\t\t\t\t<\/div>\n<\/li>\n\t\t\t\n\t\t\t\n\t\t\t\t\t\t\t\t\t\t\t\t\t\t\t\t\t\t\t\t\t\t\t\t\t\t\t\t\t\t\t\t\t\t\t\t\t\t\t\t\t\t\t\t\t\t\t\t\t\t\t\t\t\t\t\t\t\t\t\t\t\t\t\t\t\t\t\t<\/ul>\n\t<\/div>\n\t<div class=\"fusion-post-content-wrapper\" style=\"padding:30px 25px 20px 25px;\"><div class=\"fusion-post-content post-content\"><h2 class=\"blog-shortcode-post-title entry-title\"><a href=\"https:\/\/www.fondariga.com\/es\/programa-joc-de-cartes-tv3\/\">Programa Joc de cartes tv3<\/a><\/h2><div class=\"fusion-post-content-container\">\n<p>La fam\u00edlia de la Fonda i tot el seu equip , us volem [\u2026]<\/p>\n<\/div><\/div><\/div><div class=\"fusion-clearfix\"><\/div><\/div>\n<\/article>\n<div class=\"fusion-clearfix\"><\/div><\/div><\/div><div class=\"fusion-clearfix\"><\/div><\/div><\/div><\/div><\/div><div class=\"fusion-fullwidth fullwidth-box fusion-builder-row-4 hundred-percent-fullwidth non-hundred-percent-height-scrolling\" style=\"--awb-border-radius-top-left:0px;--awb-border-radius-top-right:0px;--awb-border-radius-bottom-right:0px;--awb-border-radius-bottom-left:0px;--awb-padding-top:0px;--awb-padding-right:0px;--awb-padding-bottom:0px;--awb-padding-left:0px;--awb-flex-wrap:wrap;\" ><div class=\"fusion-builder-row fusion-row\"><div class=\"fusion-layout-column fusion_builder_column fusion-builder-column-5 fusion_builder_column_1_1 1_1 fusion-one-full fusion-column-first fusion-column-last\" style=\"--awb-padding-bottom:60px;--awb-bg-color:#f7f8fa;--awb-bg-color-hover:#f7f8fa;--awb-bg-size:cover;--awb-margin-bottom:0px;\"><div class=\"fusion-column-wrapper fusion-flex-column-wrapper-legacy\"><div class=\"fusion-column-content-centered\"><div class=\"fusion-column-content\"><div class=\"fusion-image-element fusion-image-align-center in-legacy-container\" style=\"text-align:center;--awb-caption-title-font-family:var(--h2_typography-font-family);--awb-caption-title-font-weight:var(--h2_typography-font-weight);--awb-caption-title-font-style:var(--h2_typography-font-style);--awb-caption-title-size:var(--h2_typography-font-size);--awb-caption-title-transform:var(--h2_typography-text-transform);--awb-caption-title-line-height:var(--h2_typography-line-height);--awb-caption-title-letter-spacing:var(--h2_typography-letter-spacing);\"><div class=\"imageframe-align-center\"><span class=\" fusion-imageframe imageframe-none imageframe-1 hover-type-none\"><img decoding=\"async\" width=\"340\" height=\"84\" title=\"flor\" src=\"https:\/\/www.fondariga.com\/wp-content\/uploads\/2017\/02\/flor-1.jpg\" alt class=\"img-responsive wp-image-1193\" srcset=\"https:\/\/www.fondariga.com\/wp-content\/uploads\/2017\/02\/flor-1-200x49.jpg 200w, https:\/\/www.fondariga.com\/wp-content\/uploads\/2017\/02\/flor-1.jpg 340w\" sizes=\"(max-width: 800px) 100vw, 340px\" \/><\/span><\/div><\/div><div class=\"fusion-text fusion-text-7\"><h2 style=\"text-align: center;\"><span style=\"color: #7b3717;\">Un regalo especial y diferente!<\/span><\/h2>\n<\/div><div class=\"fusion-text fusion-text-8\"><h1 style=\"text-align: center;\"><span style=\"color: #7b3717;\">Regala Fonda Rig\u00e0<\/span><\/h1>\n<\/div><div class=\"fusion-image-element fusion-image-align-center in-legacy-container\" style=\"text-align:center;--awb-caption-title-font-family:var(--h2_typography-font-family);--awb-caption-title-font-weight:var(--h2_typography-font-weight);--awb-caption-title-font-style:var(--h2_typography-font-style);--awb-caption-title-size:var(--h2_typography-font-size);--awb-caption-title-transform:var(--h2_typography-text-transform);--awb-caption-title-line-height:var(--h2_typography-line-height);--awb-caption-title-letter-spacing:var(--h2_typography-letter-spacing);\"><div class=\"imageframe-align-center\"><span class=\" fusion-imageframe imageframe-none imageframe-2 hover-type-none\"><img decoding=\"async\" width=\"700\" height=\"457\" title=\"valregalini\" src=\"https:\/\/www.fondariga.com\/wp-content\/uploads\/2017\/02\/valregalini-1.png\" alt class=\"img-responsive wp-image-1197\" srcset=\"https:\/\/www.fondariga.com\/wp-content\/uploads\/2017\/02\/valregalini-1-200x131.png 200w, https:\/\/www.fondariga.com\/wp-content\/uploads\/2017\/02\/valregalini-1-400x261.png 400w, https:\/\/www.fondariga.com\/wp-content\/uploads\/2017\/02\/valregalini-1-600x392.png 600w, https:\/\/www.fondariga.com\/wp-content\/uploads\/2017\/02\/valregalini-1.png 700w\" sizes=\"(max-width: 800px) 100vw, 700px\" \/><\/span><\/div><\/div><div class=\"fusion-button-wrapper fusion-aligncenter\"><a class=\"fusion-button button-flat button-xlarge button-custom fusion-button-default button-4 fusion-button-default-span fusion-button-default-type\" style=\"--button_accent_color:#ffffff;--button_accent_hover_color:#ffffff;--button_border_hover_color:#ffffff;--button_gradient_top_color:#7b3717;--button_gradient_bottom_color:#7b3717;--button_gradient_top_color_hover:#a5a5a5;--button_gradient_bottom_color_hover:#a5a5a5;\" target=\"_self\" href=\"https:\/\/www.fondariga.com\/es\/vales-regalos\"><span class=\"fusion-button-text awb-button__text awb-button__text--default fusion-button-text-right\">REGALA AHORA<\/span><span class=\"fusion-button-icon-divider button-icon-divider-right\"><i class=\" fa fa-angle-right awb-button__icon awb-button__icon--default\" aria-hidden=\"true\"><\/i><\/span><\/a><\/div><\/div><\/div><div class=\"fusion-clearfix\"><\/div><\/div><\/div><\/div><\/div><div class=\"fusion-fullwidth fullwidth-box fusion-builder-row-5 hundred-percent-fullwidth non-hundred-percent-height-scrolling\" style=\"--awb-border-radius-top-left:0px;--awb-border-radius-top-right:0px;--awb-border-radius-bottom-right:0px;--awb-border-radius-bottom-left:0px;--awb-padding-top:0px;--awb-padding-right:0px;--awb-padding-bottom:0px;--awb-padding-left:0px;--awb-flex-wrap:wrap;\" ><div class=\"fusion-builder-row fusion-row\"><div class=\"fusion-layout-column fusion_builder_column fusion-builder-column-6 fusion_builder_column_2_5 2_5 fusion-two-fifth fusion-column-first\" style=\"--awb-padding-top:0px;--awb-padding-right:70px;--awb-padding-bottom:0px;--awb-padding-left:70px;--awb-bg-color:#ffffff;--awb-bg-color-hover:#ffffff;--awb-bg-position:center bottom;--awb-bg-size:cover;width:40%;width:calc(40% - ( ( 0% ) * 0.4 ) );margin-right: 0%;\"><div class=\"fusion-column-wrapper fusion-flex-column-wrapper-legacy\"><div class=\"fusion-column-content-centered\"><div class=\"fusion-column-content\"><div class=\"fusion-text fusion-text-9\"><h1 style=\"text-align: left;\"><span style=\"color: #7b3717;\">Trabaja y disfruta!<\/span><\/h1>\n<\/div><div class=\"fusion-text fusion-text-10\"><h2 style=\"text-align: left;\"><span style=\"color: #7b3717;\">Eventos, convenciones, congresos, reuniones, seminarios &#8230;<\/span><\/h2>\n<\/div><div class=\"fusion-text fusion-text-11\"><p style=\"text-align: left;\">Trabaja y disfruta en un entorno natural id\u00edlico a 1450 m de altura, donde les ofrecemos nuestro peque\u00f1o hotel para sus reuniones y estancias de trabajo en un ambiente tranquilo y relajado. Todas las instalaciones de la Fonda Rig\u00e0 est\u00e1n preparadas para celebraciones y eventos sociales y de empresa.<\/p>\n<\/div><div class=\"fusion-sep-clear\"><\/div><div class=\"fusion-separator\" style=\"margin-left: auto;margin-right: auto;margin-bottom:30px;width:100%;max-width:300px;\"><div class=\"fusion-separator-border sep-single sep-solid\" style=\"--awb-height:20px;--awb-amount:20px;border-color:#e0dede;border-top-width:0px;\"><\/div><\/div><div class=\"fusion-sep-clear\"><\/div><\/div><\/div><div class=\"fusion-clearfix\"><\/div><\/div><\/div><div class=\"fusion-layout-column fusion_builder_column fusion-builder-column-7 fusion_builder_column_3_5 3_5 fusion-three-fifth fusion-column-last\" style=\"--awb-padding-top:0px;--awb-padding-right:0px;--awb-padding-bottom:500px;--awb-padding-left:0px;--awb-bg-image:url(&#039;https:\/\/www.fondariga.com\/wp-content\/uploads\/2017\/02\/Ftreballa2.jpg&#039;);--awb-bg-position:center bottom;--awb-bg-size:cover;--awb-margin-bottom:0px;width:60%;width:calc(60% - ( ( 0% ) * 0.6 ) );\"><div class=\"fusion-column-wrapper fusion-flex-column-wrapper-legacy fusion-empty-column-bg-image fusion-column-has-bg-image\" data-bg-url=\"https:\/\/www.fondariga.com\/wp-content\/uploads\/2017\/02\/Ftreballa2.jpg\"><div class=\"fusion-column-content-centered\"><div class=\"fusion-column-content\"><img decoding=\"async\" class=\"fusion-empty-dims-img-placeholder\" aria-label=\"Ftreballa2\" src=\"data:image\/svg+xml,%3Csvg%20xmlns%3D%27http%3A%2F%2Fwww.w3.org%2F2000%2Fsvg%27%20width%3D%271050%27%20height%3D%27530%27%20viewBox%3D%270%200%201050%20530%27%3E%3Crect%20width%3D%271050%27%20height%3D%27530%27%20fill-opacity%3D%220%22%2F%3E%3C%2Fsvg%3E\"><\/div><\/div><div class=\"fusion-clearfix\"><\/div><\/div><\/div><\/div><\/div><div class=\"fusion-fullwidth fullwidth-box fusion-builder-row-6 hundred-percent-fullwidth non-hundred-percent-height-scrolling\" style=\"--awb-border-radius-top-left:0px;--awb-border-radius-top-right:0px;--awb-border-radius-bottom-right:0px;--awb-border-radius-bottom-left:0px;--awb-padding-top:0px;--awb-padding-right:0px;--awb-padding-bottom:0px;--awb-padding-left:0px;--awb-flex-wrap:wrap;\" ><div class=\"fusion-builder-row fusion-row\"><div class=\"fusion-layout-column fusion_builder_column fusion-builder-column-8 fusion_builder_column_1_1 1_1 fusion-one-full fusion-column-first fusion-column-last\" style=\"--awb-padding-top:150px;--awb-padding-right:0px;--awb-padding-bottom:150px;--awb-padding-left:0px;--awb-bg-color:#ffffff;--awb-bg-color-hover:#ffffff;--awb-bg-position:center bottom;--awb-bg-size:cover;\"><div class=\"fusion-column-wrapper fusion-flex-column-wrapper-legacy\"><div class=\"fusion-column-content-centered\"><div class=\"fusion-column-content\"><div class=\"fusion-text fusion-text-12\"><h1 style=\"text-align: center;\"><span style=\"color: #000000;\">RESERVAS<br \/>\n<a style=\"color: #000000;\" href=\"tel:\/\/972136000\"><strong>972 13 60 00<\/strong><\/a><\/span><\/h1>\n<\/div><\/div><\/div><div class=\"fusion-clearfix\"><\/div><\/div><\/div><\/div><\/div><div class=\"fusion-fullwidth fullwidth-box fusion-builder-row-7 hundred-percent-fullwidth non-hundred-percent-height-scrolling\" style=\"--awb-background-position:left center;--awb-border-radius-top-left:0px;--awb-border-radius-top-right:0px;--awb-border-radius-bottom-right:0px;--awb-border-radius-bottom-left:0px;--awb-padding-top:0px;--awb-padding-right:0px;--awb-padding-bottom:0px;--awb-padding-left:0px;--awb-background-color:#2e1817;--awb-flex-wrap:wrap;\" ><div class=\"fusion-builder-row fusion-row\"><div class=\"fusion-layout-column fusion_builder_column fusion-builder-column-9 fusion_builder_column_1_1 1_1 fusion-one-full fusion-column-first fusion-column-last\" style=\"--awb-padding-top:50px;--awb-padding-right:0px;--awb-padding-bottom:50px;--awb-padding-left:0px;--awb-bg-position:center bottom;--awb-bg-size:cover;\"><div class=\"fusion-column-wrapper fusion-flex-column-wrapper-legacy\"><div class=\"fusion-column-content-centered\"><div class=\"fusion-column-content\"><div class=\"fusion-image-element fusion-image-align-center in-legacy-container\" style=\"text-align:center;--awb-caption-title-font-family:var(--h2_typography-font-family);--awb-caption-title-font-weight:var(--h2_typography-font-weight);--awb-caption-title-font-style:var(--h2_typography-font-style);--awb-caption-title-size:var(--h2_typography-font-size);--awb-caption-title-transform:var(--h2_typography-text-transform);--awb-caption-title-line-height:var(--h2_typography-line-height);--awb-caption-title-letter-spacing:var(--h2_typography-letter-spacing);\"><div class=\"imageframe-align-center\"><span class=\" fusion-imageframe imageframe-none imageframe-3 hover-type-none\"><img decoding=\"async\" width=\"272\" height=\"126\" title=\"LOGOELPONT9\" src=\"https:\/\/www.fondariga.com\/wp-content\/uploads\/2017\/02\/LOGOELPONT9.png\" alt class=\"img-responsive wp-image-4136\" srcset=\"https:\/\/www.fondariga.com\/wp-content\/uploads\/2017\/02\/LOGOELPONT9-200x93.png 200w, https:\/\/www.fondariga.com\/wp-content\/uploads\/2017\/02\/LOGOELPONT9.png 272w\" sizes=\"(max-width: 800px) 100vw, 272px\" \/><\/span><\/div><\/div><div class=\"fusion-text fusion-text-13\"><h3 style=\"text-align: center;\"><span style=\"color: #ffffff;\">El otro restaurante de la familia en Camprodon<\/span><\/h3>\n<\/div><div class=\"fusion-button-wrapper fusion-aligncenter\"><a class=\"fusion-button button-flat button-medium button-custom fusion-button-default button-5 fusion-button-default-span fusion-button-default-type\" style=\"--button_accent_color:#ffffff;--button_accent_hover_color:#ffffff;--button_border_hover_color:#ffffff;--button_gradient_top_color:#7b3717;--button_gradient_bottom_color:#7b3717;--button_gradient_top_color_hover:#7a7a7a;--button_gradient_bottom_color_hover:#7a7a7a;\" target=\"_blank\" rel=\"noopener noreferrer\" href=\" http:\/\/www.restaurantelpont9.com\"><span class=\"fusion-button-text awb-button__text awb-button__text--default fusion-button-text-right\">VER EL PONT 9<\/span><span class=\"fusion-button-icon-divider button-icon-divider-right\"><i class=\"fa-angle-right fas awb-button__icon awb-button__icon--default\" aria-hidden=\"true\"><\/i><\/span><\/a><\/div><\/div><\/div><div class=\"fusion-clearfix\"><\/div><\/div><\/div><\/div><\/div><\/p>\n","protected":false},"excerpt":{"rendered":"","protected":false},"author":1,"featured_media":0,"parent":0,"menu_order":0,"comment_status":"closed","ping_status":"closed","template":"100-width.php","meta":{"footnotes":""},"class_list":["post-815","page","type-page","status-publish","hentry"],"_links":{"self":[{"href":"https:\/\/www.fondariga.com\/es\/wp-json\/wp\/v2\/pages\/815","targetHints":{"allow":["GET"]}}],"collection":[{"href":"https:\/\/www.fondariga.com\/es\/wp-json\/wp\/v2\/pages"}],"about":[{"href":"https:\/\/www.fondariga.com\/es\/wp-json\/wp\/v2\/types\/page"}],"author":[{"embeddable":true,"href":"https:\/\/www.fondariga.com\/es\/wp-json\/wp\/v2\/users\/1"}],"replies":[{"embeddable":true,"href":"https:\/\/www.fondariga.com\/es\/wp-json\/wp\/v2\/comments?post=815"}],"version-history":[{"count":88,"href":"https:\/\/www.fondariga.com\/es\/wp-json\/wp\/v2\/pages\/815\/revisions"}],"predecessor-version":[{"id":4248,"href":"https:\/\/www.fondariga.com\/es\/wp-json\/wp\/v2\/pages\/815\/revisions\/4248"}],"wp:attachment":[{"href":"https:\/\/www.fondariga.com\/es\/wp-json\/wp\/v2\/media?parent=815"}],"curies":[{"name":"wp","href":"https:\/\/api.w.org\/{rel}","templated":true}]}}